{"id":32,"date":"2015-02-09T14:28:16","date_gmt":"2015-02-09T13:28:16","guid":{"rendered":"http:\/\/www.faszination-pferdundreiterverstehen.de\/?page_id=32"},"modified":"2017-07-16T14:30:25","modified_gmt":"2017-07-16T13:30:25","slug":"ueber-mich","status":"publish","type":"page","link":"http:\/\/www.faszination-pferdundreiterverstehen.de\/?page_id=32","title":{"rendered":"\u00dcber mich"},"content":{"rendered":"<p>Ich wohne in Hohn (15km westlich von Rendsburg\/ SH), bin 1969 geboren. \u00a0Selber reite ich seit vielen Jahren western und freue mich, mich mit meinem Irish Tinker-Wallach Sammy Joe immer neuen Aufgaben zu stellen, wie Extremtrail, reiten ohne Kopfst\u00fcck etc.. Seit zehn Jahren starte ich bei der EWU (Erste Westernreiter Union) und habe schon viele Erfolge in den Disziplinen Trail, Western Horsemanship und Reining erritten. Besonders stolz bin ich auf die beiden Pferdemedaillen Bronze in den Disziplinen Trail und Horsemanship. Gerne lasse ich mich auch von der klassisch-barocken Reitweise beeinflu\u00dfen. Regelm\u00e4\u00dfig bilde ich mich fort, damit ich jederzeit f\u00fcr meine Reitsch\u00fcler und Kursteilnehmer auf dem neuesten Wissenstand bin.<\/p>\n<p>&nbsp;<\/p>\n<p>Meine Faszination ist es mit viel Einf\u00fchlungsverm\u00f6gen Pferd und Reiter zu einen Team zu formen, zu den gew\u00fcnschten Zielen zu begleiten. Wichtig ist mir, dass Pferd und Reiter ohne Stre\u00df und in ihrem eigenen Tempo lernen d\u00fcrfen, denn nur so bringt Lernen allen Beteiligten Spa\u00df.<\/p>\n<p>&nbsp;<\/p>\n<p>Ich freue mich sehr darauf, Sie und ihr Pferd pers\u00f6nlich kennenzulernen.<\/p>\n\n\t\t<style type=\"text\/css\">\n\t\t\t#gallery-1 {\n\t\t\t\tmargin: auto;\n\t\t\t}\n\t\t\t#gallery-1 .gallery-item {\n\t\t\t\tfloat: left;\n\t\t\t\tmargin-top: 10px;\n\t\t\t\ttext-align: center;\n\t\t\t\twidth: 33%;\n\t\t\t}\n\t\t\t#gallery-1 img {\n\t\t\t\tborder: 2px solid #cfcfcf;\n\t\t\t}\n\t\t\t#gallery-1 .gallery-caption {\n\t\t\t\tmargin-left: 0;\n\t\t\t}\n\t\t\t\/* see gallery_shortcode() in wp-includes\/media.php *\/\n\t\t<\/style>\n\t\t<div id='gallery-1' class='gallery galleryid-32 gallery-columns-3 gallery-size-thumbnail'><dl class='gallery-item'>\n\t\t\t<dt class='gallery-icon portrait'>\n\t\t\t\t<a href='http:\/\/www.faszination-pferdundreiterverstehen.de\/?attachment_id=117'><img width=\"150\" height=\"150\" src=\"http:\/\/www.faszination-pferdundreiterverstehen.de\/wp-content\/uploads\/2015\/02\/U\u0308berMich_3-150x150.jpg\" class=\"attachment-thumbnail size-thumbnail\" alt=\"\" loading=\"lazy\" \/><\/a>\n\t\t\t<\/dt><\/dl><dl class='gallery-item'>\n\t\t\t<dt class='gallery-icon portrait'>\n\t\t\t\t<a href='http:\/\/www.faszination-pferdundreiterverstehen.de\/?attachment_id=116'><img width=\"150\" height=\"150\" src=\"http:\/\/www.faszination-pferdundreiterverstehen.de\/wp-content\/uploads\/2015\/02\/U\u0308berMich_2-150x150.jpg\" class=\"attachment-thumbnail size-thumbnail\" alt=\"\" loading=\"lazy\" \/><\/a>\n\t\t\t<\/dt><\/dl><dl class='gallery-item'>\n\t\t\t<dt class='gallery-icon landscape'>\n\t\t\t\t<a href='http:\/\/www.faszination-pferdundreiterverstehen.de\/?attachment_id=115'><img width=\"150\" height=\"150\" src=\"http:\/\/www.faszination-pferdundreiterverstehen.de\/wp-content\/uploads\/2015\/02\/U\u0308berMich_1-150x150.jpg\" class=\"attachment-thumbnail size-thumbnail\" alt=\"\" loading=\"lazy\" \/><\/a>\n\t\t\t<\/dt><\/dl><br style=\"clear: both\" \/>\n\t\t<\/div>\n\n","protected":false},"excerpt":{"rendered":"<p>Ich wohne in Hohn (15km westlich von Rendsburg\/ SH), bin 1969 geboren. \u00a0Selber reite ich seit vielen Jahren western und freue mich, mich mit meinem Irish Tinker-Wallach Sammy Joe immer neuen Aufgaben zu stellen, wie Extremtrail, reiten ohne Kopfst\u00fcck etc.. Seit zehn Jahren starte ich bei der EWU (Erste Westernreiter Union) und habe schon viele [&hellip;]<\/p>\n","protected":false},"author":2,"featured_media":0,"parent":0,"menu_order":0,"comment_status":"closed","ping_status":"closed","template":"","meta":[],"_links":{"self":[{"href":"http:\/\/www.faszination-pferdundreiterverstehen.de\/index.php?rest_route=\/wp\/v2\/pages\/32"}],"collection":[{"href":"http:\/\/www.faszination-pferdundreiterverstehen.de\/index.php?rest_route=\/wp\/v2\/pages"}],"about":[{"href":"http:\/\/www.faszination-pferdundreiterverstehen.de\/index.php?rest_route=\/wp\/v2\/types\/page"}],"author":[{"embeddable":true,"href":"http:\/\/www.faszination-pferdundreiterverstehen.de\/index.php?rest_route=\/wp\/v2\/users\/2"}],"replies":[{"embeddable":true,"href":"http:\/\/www.faszination-pferdundreiterverstehen.de\/index.php?rest_route=%2Fwp%2Fv2%2Fcomments&post=32"}],"version-history":[{"count":12,"href":"http:\/\/www.faszination-pferdundreiterverstehen.de\/index.php?rest_route=\/wp\/v2\/pages\/32\/revisions"}],"predecessor-version":[{"id":428,"href":"http:\/\/www.faszination-pferdundreiterverstehen.de\/index.php?rest_route=\/wp\/v2\/pages\/32\/revisions\/428"}],"wp:attachment":[{"href":"http:\/\/www.faszination-pferdundreiterverstehen.de\/index.php?rest_route=%2Fwp%2Fv2%2Fmedia&parent=32"}],"curies":[{"name":"wp","href":"https:\/\/api.w.org\/{rel}","templated":true}]}}